{"id":3027,"date":"2023-12-19T09:23:54","date_gmt":"2023-12-19T09:23:54","guid":{"rendered":"https:\/\/webquequen.nuevo.unicen.edu.ar\/?page_id=3027"},"modified":"2024-07-08T22:54:11","modified_gmt":"2024-07-08T22:54:11","slug":"ingresantes-mayores-de-25-anos","status":"publish","type":"page","link":"https:\/\/www.quequen.unicen.edu.ar\/?page_id=3027","title":{"rendered":"Ingresantes mayores de 25 a\u00f1os"},"content":{"rendered":"\n<p>Las personas con m\u00e1s de 25 a\u00f1os pueden inscribirse en una carrera universitaria aunque no hayan completado los estudios secundarios, aprobando un examen de conocimientos y aptitudes generales.<\/p>\n\n\n\n<p>Normativa (Ordenanza N\u00ba 2312\/1998 y Res. Rectorado N\u00ba 1391\/2012).<\/p>\n\n\n\n<h2 class=\"wp-block-heading\">Requisitos para la Inscripci\u00f3n<\/h2>\n\n\n\n<ul class=\"wp-block-list\">\n<li>Tener 25 a\u00f1os cumplidos al momento de la inscripci\u00f3n.<\/li>\n\n\n\n<li>Constancia de finalizaci\u00f3n de la educaci\u00f3n primaria.<\/li>\n\n\n\n<li>Fotocopias de frente y reverso del documento.<\/li>\n\n\n\n<li>Formulario de inscripci\u00f3n:&nbsp;<a href=\"https:\/\/docs.google.com\/forms\/d\/e\/1FAIpQLSdNTlk3o6Hkj30MtoSztt4q5NYCcX6hrsVnGRw1jR-6OtkR7g\/viewform?usp=sf_link\">https:\/\/docs.google.com\/forms\/d\/e\/1FAIpQLSdNTlk3o6Hkj30MtoSztt4q5NYCcX6hrsVnGRw1jR-6OtkR7g\/viewform?usp=sf_link<\/a><\/li>\n<\/ul>\n\n\n\n<h2 class=\"wp-block-heading\">Per\u00edodo de inscripci\u00f3n y de evaluaci\u00f3n<\/h2>\n\n\n\n<p>Los per\u00edodos de Inscripci\u00f3n y de Evaluaci\u00f3n ser\u00e1n establecidos, anualmente, en el Calendario Acad\u00e9mico de la Universidad. Se prever\u00e1 que en el caso de la evaluaci\u00f3n, la misma&nbsp; no ser\u00e1 antes del mes de octubre de cada ciclo lectivo.<\/p>\n\n\n\n<p><strong>Per\u00edodo&nbsp;<\/strong><\/p>\n\n\n\n<ul class=\"wp-block-list\">\n<li>Inscripci\u00f3n: Junio 2023.<\/li>\n\n\n\n<li>Evaluaci\u00f3n: Noviembre 2023.<\/li>\n<\/ul>\n\n\n\n<p>Previamente se mantendr\u00e1 con ellos una entrevista individual coordinada por&nbsp; la Secretaria Acad\u00e9mica de Rectorado, donde cada aspirante recibir\u00e1 informaci\u00f3n y asesoramiento sobre la vida universitaria y la oferta acad\u00e9mica de la U.N.C.P.B.A. La entrevista a cada aspirante, ser\u00e1 de car\u00e1cter optativa, y&nbsp; tendr\u00e1 como eje&nbsp; indagar sus experiencias previas, brindar informaci\u00f3n vocacional referida al ingreso y a la vida universitaria,&nbsp; conocer la situaci\u00f3n personal de cada uno respecto a las causas de abandono del nivel secundario, as\u00ed como tambi\u00e9n conocer los motivos de inter\u00e9s en seguir una carrera en la Universidad.<\/p>\n\n\n\n<h2 class=\"wp-block-heading\">Evaluaci\u00f3n de conocimientos y aptitudes generales<\/h2>\n\n\n\n<p>La Evaluaci\u00f3n se realizar\u00e1&nbsp; mediante un an\u00e1lisis general, donde se tendr\u00e1n en cuenta, las competencias y aptitudes, como as\u00ed tambi\u00e9n los contenidos establecidos de las \u00e1reas de&nbsp; Matem\u00e1tica, Lengua, Ciencias de la Naturaleza y Ciencias Sociales.<\/p>\n\n\n\n<p><strong><a href=\"https:\/\/www.quequen.unicen.edu.ar\/wp-content\/uploads\/2023\/12\/contenidos-examen-mayores-de-25.pdf\">[VER CONTENIDOS POR \u00c1REA]<\/a><\/strong><\/p>\n\n\n\n<h2 class=\"wp-block-heading\">&nbsp;Caracter\u00edsticas de la Evaluaci\u00f3n<\/h2>\n\n\n\n<ul class=\"wp-block-list\">\n<li>La evaluaci\u00f3n ser\u00e1 individual y escrita.<\/li>\n<\/ul>\n\n\n\n<ul class=\"wp-block-list\">\n<li>Los aspirantes dispondr\u00e1n de cuatro (4) horas para realizar la evaluaci\u00f3n.<\/li>\n<\/ul>\n\n\n\n<ul class=\"wp-block-list\">\n<li>Luego de rendido el examen se garantizar\u00e1n los mecanismos de revisi\u00f3n del mismo a los efectos de que&nbsp; cada alumno pueda tomar conocimiento acabado de cu\u00e1l ha sido su desempe\u00f1o en la evaluaci\u00f3n.<\/li>\n<\/ul>\n\n\n\n<ul class=\"wp-block-list\">\n<li>La habilitaci\u00f3n que acredite el derecho de admisi\u00f3n bajo las presentes condiciones, tendr\u00e1 una validez de tres (3) per\u00edodos anuales de inscripci\u00f3n a esta Universidad.<\/li>\n\n\n\n<li>Para el ingreso como alumno regular de la Universidad es preciso adem\u00e1s, aprobar las condiciones que establezca cada Unidad Acad\u00e9mica en relaci\u00f3n a la carrera que aspira a cursar.<\/li>\n<\/ul>\n\n\n\n<h2 class=\"wp-block-heading\"><strong>Ingreso Mayores de 25 a\u00f1os sin t\u00edtulo secundario \u2013 UNICEN<\/strong><\/h2>\n\n\n\n<p>El ingreso a la universidad para personas mayores de 25 a\u00f1os constituye una oportunidad para poder acceder a la oferta de carreras que brinda la UNICEN.&nbsp;<strong>Cabe aclarar que la aprobaci\u00f3n de esta evaluaci\u00f3n no supone la obtenci\u00f3n de un t\u00edtulo secundario<\/strong>, sino simplemente la posibilidad de inscribirse en la carrera que desee, siempre que sea de oferta de la UNICEN.<\/p>\n\n\n\n<p>Para mayor informaci\u00f3n pueden escribir a&nbsp;<a href=\"mailto:mayoresde25unicen@gmail.com\">mayoresde25unicen@gmail.com<\/a>&nbsp;o por whatsapp en los siguientes d\u00edas y horarios Lunes a Viernes de 10 a 12 hs. (0249) 154623761<\/p>\n","protected":false},"excerpt":{"rendered":"<p>Las personas con m\u00e1s de 25 a\u00f1os pueden inscribirse en una carrera universitaria aunque no hayan completado los estudios secundarios, aprobando un examen de conocimientos y aptitudes generales. Normativa (Ordenanza N\u00ba 2312\/1998 y Res. Rectorado N\u00ba 1391\/2012). Requisitos para la Inscripci\u00f3n Per\u00edodo de inscripci\u00f3n y de evaluaci\u00f3n Los per\u00edodos de Inscripci\u00f3n y de Evaluaci\u00f3n ser\u00e1n &hellip;<\/p>\n<p class=\"read-more\"> <a class=\"\" href=\"https:\/\/www.quequen.unicen.edu.ar\/?page_id=3027\"> <span class=\"screen-reader-text\">Ingresantes mayores de 25 a\u00f1os<\/span> Leer m\u00e1s &raquo;<\/a><\/p>\n","protected":false},"author":1,"featured_media":0,"parent":0,"menu_order":0,"comment_status":"closed","ping_status":"closed","template":"","meta":{"_uag_custom_page_level_css":"","site-sidebar-layout":"default","site-content-layout":"default","ast-global-header-display":"","ast-banner-title-visibility":"","ast-main-header-display":"","ast-hfb-above-header-display":"","ast-hfb-below-header-display":"","ast-hfb-mobile-header-display":"","site-post-title":"","ast-breadcrumbs-content":"","ast-featured-img":"","footer-sml-layout":"","theme-transparent-header-meta":"","adv-header-id-meta":"","stick-header-meta":"","header-above-stick-meta":"","header-main-stick-meta":"","header-below-stick-meta":"","footnotes":""},"class_list":["post-3027","page","type-page","status-publish","hentry"],"uagb_featured_image_src":{"full":false,"thumbnail":false,"medium":false,"medium_large":false,"large":false,"news_plugin_small":false,"1536x1536":false,"2048x2048":false},"uagb_author_info":{"display_name":"admin","author_link":"https:\/\/www.quequen.unicen.edu.ar\/?author=1"},"uagb_comment_info":0,"uagb_excerpt":"Las personas con m\u00e1s de 25 a\u00f1os pueden inscribirse en una carrera universitaria aunque no hayan completado los estudios secundarios, aprobando un examen de conocimientos y aptitudes generales. Normativa (Ordenanza N\u00ba 2312\/1998 y Res. Rectorado N\u00ba 1391\/2012). Requisitos para la Inscripci\u00f3n Per\u00edodo de inscripci\u00f3n y de evaluaci\u00f3n Los per\u00edodos de Inscripci\u00f3n y de Evaluaci\u00f3n ser\u00e1n&hellip;","_links":{"self":[{"href":"https:\/\/www.quequen.unicen.edu.ar\/index.php?rest_route=\/wp\/v2\/pages\/3027","targetHints":{"allow":["GET"]}}],"collection":[{"href":"https:\/\/www.quequen.unicen.edu.ar\/index.php?rest_route=\/wp\/v2\/pages"}],"about":[{"href":"https:\/\/www.quequen.unicen.edu.ar\/index.php?rest_route=\/wp\/v2\/types\/page"}],"author":[{"embeddable":true,"href":"https:\/\/www.quequen.unicen.edu.ar\/index.php?rest_route=\/wp\/v2\/users\/1"}],"replies":[{"embeddable":true,"href":"https:\/\/www.quequen.unicen.edu.ar\/index.php?rest_route=%2Fwp%2Fv2%2Fcomments&post=3027"}],"version-history":[{"count":5,"href":"https:\/\/www.quequen.unicen.edu.ar\/index.php?rest_route=\/wp\/v2\/pages\/3027\/revisions"}],"predecessor-version":[{"id":3992,"href":"https:\/\/www.quequen.unicen.edu.ar\/index.php?rest_route=\/wp\/v2\/pages\/3027\/revisions\/3992"}],"wp:attachment":[{"href":"https:\/\/www.quequen.unicen.edu.ar\/index.php?rest_route=%2Fwp%2Fv2%2Fmedia&parent=3027"}],"curies":[{"name":"wp","href":"https:\/\/api.w.org\/{rel}","templated":true}]}}