{"id":3070,"date":"2023-12-19T20:50:25","date_gmt":"2023-12-19T20:50:25","guid":{"rendered":"https:\/\/webquequen.nuevo.unicen.edu.ar\/?page_id=3070"},"modified":"2024-08-26T18:16:39","modified_gmt":"2024-08-26T18:16:39","slug":"licenciatura-en-logistica-integral-2","status":"publish","type":"page","link":"https:\/\/www.quequen.unicen.edu.ar\/?page_id=3070","title":{"rendered":"Licenciatura en Log\u00edstica Integral"},"content":{"rendered":"\n<hr class=\"wp-block-separator has-alpha-channel-opacity\"\/>\n\n\n\n<div class=\"wp-block-uagb-tabs uagb-block-ba3d439b uagb-tabs__wrap uagb-tabs__hstyle1-desktop uagb-tabs__vstyle6-tablet uagb-tabs__stack1-mobile\" data-tab-active=\"0\"><ul class=\"uagb-tabs__panel uagb-tabs__align-left\" role=\"tablist\"><li class=\"uagb-tab uagb-tabs__active\" role=\"none\"><a href=\"#uagb-tabs__tab0\" class=\"uagb-tabs-list uagb-tabs__icon-position-left\" data-tab=\"0\" role=\"tab\"><div>Descripci\u00f3n<\/div><\/a><\/li><li class=\"uagb-tab \" role=\"none\"><a href=\"#uagb-tabs__tab1\" class=\"uagb-tabs-list uagb-tabs__icon-position-left\" data-tab=\"1\" role=\"tab\"><div>Perfil<\/div><\/a><\/li><li class=\"uagb-tab \" role=\"none\"><a href=\"#uagb-tabs__tab2\" class=\"uagb-tabs-list uagb-tabs__icon-position-left\" data-tab=\"2\" role=\"tab\"><div>Alcance del T\u00edtulo<\/div><\/a><\/li><li class=\"uagb-tab \" role=\"none\"><a href=\"#uagb-tabs__tab3\" class=\"uagb-tabs-list uagb-tabs__icon-position-left\" data-tab=\"3\" role=\"tab\"><div>Plan de Estudios<\/div><\/a><\/li><li class=\"uagb-tab \" role=\"none\"><a href=\"#uagb-tabs__tab4\" class=\"uagb-tabs-list uagb-tabs__icon-position-left\" data-tab=\"4\" role=\"tab\"><div>Contenidos M\u00ednimos<\/div><\/a><\/li><\/ul><div class=\"uagb-tabs__body-wrap\">\n<div class=\"wp-block-uagb-tabs-child uagb-tabs__body-container uagb-inner-tab-0\" aria-labelledby=\"uagb-tabs__tab0\">\n<h4 class=\"wp-block-heading\">Modalidad: Presencial<\/h4>\n\n\n\n<h4 class=\"wp-block-heading\">Nivel: Grado <\/h4>\n\n\n\n<h4 class=\"wp-block-heading\">Duraci\u00f3n: 4 a\u00f1os <\/h4>\n\n\n\n<h4 class=\"wp-block-heading\">T\u00edtulo Intermedio: <a href=\"https:\/\/quequen.unicen.edu.ar\/?page_id=3208\">T\u00e9cnico Universitario en Log\u00edstica Integral<\/a><\/h4>\n\n\n\n<div class=\"wp-block-uagb-separator uagb-block-a91d13ce\"><div class=\"wp-block-uagb-separator__inner\" style=\"--my-background-image:\"><\/div><\/div>\n\n\n\n<h4 class=\"wp-block-heading\">\u00bfPor qu\u00e9 estudiar Log\u00edstica?<\/h4>\n\n\n\n<p style=\"font-size:16px\">Ante un mundo cada vez m\u00e1s globalizado y competitivo y de consumidores que piden m\u00e1s calidad en los productos y servicios, la Log\u00edstica juega un papel fundamental&nbsp;<a><\/a>para alcanzar buenos resultados en la Gesti\u00f3n Empresarial.<\/p>\n\n\n\n<h4 class=\"wp-block-heading\">\u00bfPor qu\u00e9 Log\u00edstica Integral?<\/h4>\n\n\n\n<p>Integralidad significa que las acciones de una organizaci\u00f3n deben enfocarse como parte de un sistema y no como responsabilidad de una sola \u00e1rea en particular que monopolice la din\u00e1mica en torno a la b\u00fasqueda del logro de las metas empresariales, las diferentes funciones de la empresa est\u00e1n interrelacionadas y se analizan de forma transversal&nbsp;<a><\/a>para lograr que haya un adecuado flujo de comunicaci\u00f3n.<\/p>\n\n\n\n<figure class=\"wp-block-embed is-type-video is-provider-youtube wp-block-embed-youtube wp-embed-aspect-16-9 wp-has-aspect-ratio\"><div class=\"wp-block-embed__wrapper\">\n<div class=\"ast-oembed-container\" style=\"height: 100%;\"><iframe loading=\"lazy\" title=\"Spot Licenciatura en Log\u00edstica Integral\" width=\"500\" height=\"281\" src=\"https:\/\/www.youtube.com\/embed\/Rpo9kEyiIqU?feature=oembed\" frameborder=\"0\" allow=\"accelerometer; autoplay; clipboard-write; encrypted-media; gyroscope; picture-in-picture; web-share\" referrerpolicy=\"strict-origin-when-cross-origin\" allowfullscreen><\/iframe><\/div>\n<\/div><\/figure>\n<\/div>\n\n\n\n<div class=\"wp-block-uagb-tabs-child uagb-tabs__body-container uagb-inner-tab-1\" aria-labelledby=\"uagb-tabs__tab1\">\n<p>El Licenciado en Log\u00edstica Integral tendr\u00e1 una formaci\u00f3n acad\u00e9mica y t\u00e9cnica que le permitir\u00e1, asumiendo un compromiso \u00e9tico y de responsabilidad social en el ejercicio de su profesi\u00f3n, aplicar conceptos y capacidades para desempe\u00f1arse en el campo de conocimientos concernientes a:<\/p>\n\n\n\n<ul class=\"wp-block-list\">\n<li>Analizar, orientar y definir la cadena log\u00edstica en los sectores industriales, de distribuci\u00f3n y de servicios.<\/li>\n\n\n\n<li>Dise\u00f1ar, implantar nuevos sistemas y gestionar integralmente, aplicando y adaptando las nuevas tecnolog\u00edas, las relaciones log\u00edsticas entre proveedores, empresas, operadores log\u00edsticos, clientes y consumidores finales.<\/li>\n\n\n\n<li>Asesorar y asistir, desde un enfoque t\u00e9cnico de la tem\u00e1tica, en la definici\u00f3n de la estructura y la fijaci\u00f3n de las estrategias organizacionales.<\/li>\n\n\n\n<li>Gestionar la log\u00edstica de forma integrada.<\/li>\n\n\n\n<li>Desarrollar habilidades directivas de relaci\u00f3n que propicien la cooperaci\u00f3n y trabajo en equipo, y aportar herramientas \u00fatiles para una mejor gesti\u00f3n del tiempo y la organizaci\u00f3n del trabajo en el \u00e1rea de log\u00edstica.<\/li>\n\n\n\n<li>Planificar y dirigir los procesos de definici\u00f3n, desarrollo e implementaci\u00f3n de los sistemas actuales que definen la competitividad log\u00edstica del territorio, ya sea en el \u00e1mbito macro relacionado con el comercio transfronteras (Log\u00edstica del Comercio Exterior) como en el micro,&nbsp;<a><\/a>relacionado con el contexto urbano (Log\u00edstica Urbana).<\/li>\n<\/ul>\n<\/div>\n\n\n\n<div class=\"wp-block-uagb-tabs-child uagb-tabs__body-container uagb-inner-tab-2\" aria-labelledby=\"uagb-tabs__tab2\">\n<p>El Licenciado en Log\u00edstica Integral es un profesional formado y capacitado para:<\/p>\n\n\n\n<ul class=\"wp-block-list\">\n<li>Asesorar y asistir t\u00e9cnicamente, desde la log\u00edstica, sobre:\n<ul class=\"wp-block-list\">\n<li>La definici\u00f3n de la estructura y la fijaci\u00f3n de las estrategias organizacionales.<\/li>\n\n\n\n<li>La selecci\u00f3n y el dise\u00f1o de los subsistemas de la organizaci\u00f3n.<\/li>\n\n\n\n<li>El dise\u00f1o del subsistema jur\u00eddico que enmarca las actividades log\u00edsticas.<\/li>\n\n\n\n<li>La valoraci\u00f3n de organizaciones y sistemas.<\/li>\n\n\n\n<li>La definici\u00f3n de los sistemas de administraci\u00f3n de los recursos humanos relacionados con el \u00e1rea log\u00edstica.<\/li>\n<\/ul>\n<\/li>\n\n\n\n<li>Estudiar, planificar, organizar, modificar, transformar y dirigir los procesos de definici\u00f3n, desarrollo, implementaci\u00f3n, mantenimiento y control de:\n<ul class=\"wp-block-list\">\n<li>Las pol\u00edticas y la gesti\u00f3n log\u00edstica integral.<\/li>\n\n\n\n<li>Los sistemas de informaci\u00f3n y catalogaci\u00f3n.<\/li>\n\n\n\n<li>Sistemas y redes log\u00edsticas.<\/li>\n\n\n\n<li>Proyectos log\u00edsticos integrales.<\/li>\n\n\n\n<li>Proyectos de investigaci\u00f3n y desarrollo en el \u00e1rea log\u00edstica.<\/li>\n\n\n\n<li>Redes de transporte uni e intermodal de alcance nacional e internacional.<\/li>\n\n\n\n<li>Sistemas de abastecimiento y distribuci\u00f3n.<\/li>\n\n\n\n<li>Programas de calidad y prevenci\u00f3n del impacto ambiental.<\/li>\n\n\n\n<li>La estructura y funciones del \u00e1rea log\u00edstica.<\/li>\n<\/ul>\n<\/li>\n\n\n\n<li>Representar a la organizaci\u00f3n ante organismos p\u00fablicos y privados en temas relacionados con su perfil profesional.<\/li>\n\n\n\n<li>Realizar arbitrajes, peritajes, emitir opiniones y dict\u00e1menes sobre temas de su competencia.<\/li>\n\n\n\n<li><a><\/a>Asumir un compromiso \u00e9tico y de responsabilidad social en el ejercicio de su profesi\u00f3n.<\/li>\n<\/ul>\n<\/div>\n\n\n\n<div class=\"wp-block-uagb-tabs-child uagb-tabs__body-container uagb-inner-tab-3\" aria-labelledby=\"uagb-tabs__tab3\">\n<div class=\"wp-block-file\"><a id=\"wp-block-file--media-bd1fbd1c-1033-4b91-9946-846d741984de\" href=\"https:\/\/www.quequen.unicen.edu.ar\/wp-content\/uploads\/2023\/12\/plan-de-estudios-logistica.pdf\"><strong>Plan de estudios Licenciatura en Log\u00edstica Integral<\/strong><\/a><a href=\"https:\/\/www.quequen.unicen.edu.ar\/wp-content\/uploads\/2023\/12\/plan-de-estudios-logistica.pdf\" class=\"wp-block-file__button wp-element-button\" download aria-describedby=\"wp-block-file--media-bd1fbd1c-1033-4b91-9946-846d741984de\">Descarga<\/a><\/div>\n<\/div>\n\n\n\n<div class=\"wp-block-uagb-tabs-child uagb-tabs__body-container uagb-inner-tab-4\" aria-labelledby=\"uagb-tabs__tab4\">\n<div class=\"wp-block-file\"><a id=\"wp-block-file--media-b1284d94-18f7-4505-ac01-9dde7e0b2926\" href=\"https:\/\/www.quequen.unicen.edu.ar\/wp-content\/uploads\/2023\/12\/CONTENIDOS-MINIMOS-LOGISTICA.pdf\"><strong>Contenidos M\u00ednimos Licenciatura en Log\u00edstica Integral<\/strong><\/a><a href=\"https:\/\/www.quequen.unicen.edu.ar\/wp-content\/uploads\/2023\/12\/CONTENIDOS-MINIMOS-LOGISTICA.pdf\" class=\"wp-block-file__button wp-element-button\" download aria-describedby=\"wp-block-file--media-b1284d94-18f7-4505-ac01-9dde7e0b2926\">Descarga<\/a><\/div>\n<\/div>\n<\/div><\/div>\n\n\n\n<h2 class=\"wp-block-heading has-medium-font-size\">Coordinadora de Carrera<\/h2>\n\n\n\n<p class=\"has-medium-font-size\">Maria Luz Sureda Figueroa    <\/p>\n\n\n\n<p>Mail de Contacto: coordinacion_logistica@virtual.quequen.unicen.edu.ar<\/p>\n","protected":false},"excerpt":{"rendered":"<p>Coordinadora de Carrera Maria Luz Sureda Figueroa Mail de Contacto: coordinacion_logistica@virtual.quequen.unicen.edu.ar<\/p>\n","protected":false},"author":1,"featured_media":0,"parent":0,"menu_order":0,"comment_status":"closed","ping_status":"closed","template":"","meta":{"_uag_custom_page_level_css":"","site-sidebar-layout":"default","site-content-layout":"default","ast-global-header-display":"","ast-banner-title-visibility":"","ast-main-header-display":"","ast-hfb-above-header-display":"","ast-hfb-below-header-display":"","ast-hfb-mobile-header-display":"","site-post-title":"","ast-breadcrumbs-content":"","ast-featured-img":"","footer-sml-layout":"","theme-transparent-header-meta":"","adv-header-id-meta":"","stick-header-meta":"","header-above-stick-meta":"","header-main-stick-meta":"","header-below-stick-meta":"","footnotes":""},"class_list":["post-3070","page","type-page","status-publish","hentry"],"uagb_featured_image_src":{"full":false,"thumbnail":false,"medium":false,"medium_large":false,"large":false,"news_plugin_small":false,"1536x1536":false,"2048x2048":false},"uagb_author_info":{"display_name":"admin","author_link":"https:\/\/www.quequen.unicen.edu.ar\/?author=1"},"uagb_comment_info":0,"uagb_excerpt":"Coordinadora de Carrera Maria Luz Sureda Figueroa Mail de Contacto: coordinacion_logistica@virtual.quequen.unicen.edu.ar","_links":{"self":[{"href":"https:\/\/www.quequen.unicen.edu.ar\/index.php?rest_route=\/wp\/v2\/pages\/3070","targetHints":{"allow":["GET"]}}],"collection":[{"href":"https:\/\/www.quequen.unicen.edu.ar\/index.php?rest_route=\/wp\/v2\/pages"}],"about":[{"href":"https:\/\/www.quequen.unicen.edu.ar\/index.php?rest_route=\/wp\/v2\/types\/page"}],"author":[{"embeddable":true,"href":"https:\/\/www.quequen.unicen.edu.ar\/index.php?rest_route=\/wp\/v2\/users\/1"}],"replies":[{"embeddable":true,"href":"https:\/\/www.quequen.unicen.edu.ar\/index.php?rest_route=%2Fwp%2Fv2%2Fcomments&post=3070"}],"version-history":[{"count":26,"href":"https:\/\/www.quequen.unicen.edu.ar\/index.php?rest_route=\/wp\/v2\/pages\/3070\/revisions"}],"predecessor-version":[{"id":4337,"href":"https:\/\/www.quequen.unicen.edu.ar\/index.php?rest_route=\/wp\/v2\/pages\/3070\/revisions\/4337"}],"wp:attachment":[{"href":"https:\/\/www.quequen.unicen.edu.ar\/index.php?rest_route=%2Fwp%2Fv2%2Fmedia&parent=3070"}],"curies":[{"name":"wp","href":"https:\/\/api.w.org\/{rel}","templated":true}]}}