{"id":3208,"date":"2023-12-21T13:56:44","date_gmt":"2023-12-21T13:56:44","guid":{"rendered":"https:\/\/webquequen.nuevo.unicen.edu.ar\/?page_id=3208"},"modified":"2024-11-21T19:50:50","modified_gmt":"2024-11-21T19:50:50","slug":"tecnico-universitario-en-logistica-intergal","status":"publish","type":"page","link":"https:\/\/www.quequen.unicen.edu.ar\/?page_id=3208","title":{"rendered":"T\u00e9cnico Universitario en Logistica Intergal"},"content":{"rendered":"\n<div class=\"wp-block-uagb-tabs uagb-block-8633fa72 uagb-tabs__wrap uagb-tabs__hstyle1-desktop uagb-tabs__vstyle6-tablet uagb-tabs__stack1-mobile\" data-tab-active=\"0\"><ul class=\"uagb-tabs__panel uagb-tabs__align-left\" role=\"tablist\"><li class=\"uagb-tab uagb-tabs__active\" role=\"none\"><a href=\"#uagb-tabs__tab0\" class=\"uagb-tabs-list uagb-tabs__icon-position-left\" data-tab=\"0\" role=\"tab\"><div>Descripci\u00f3n<\/div><\/a><\/li><li class=\"uagb-tab \" role=\"none\"><a href=\"#uagb-tabs__tab1\" class=\"uagb-tabs-list uagb-tabs__icon-position-left\" data-tab=\"1\" role=\"tab\"><div>Perfil<\/div><\/a><\/li><li class=\"uagb-tab \" role=\"none\"><a href=\"#uagb-tabs__tab2\" class=\"uagb-tabs-list uagb-tabs__icon-position-left\" data-tab=\"2\" role=\"tab\"><div>Alcances<\/div><\/a><\/li><li class=\"uagb-tab \" role=\"none\"><a href=\"#uagb-tabs__tab3\" class=\"uagb-tabs-list uagb-tabs__icon-position-left\" data-tab=\"3\" role=\"tab\"><div>Plan de Estudios<\/div><\/a><\/li><\/ul><div class=\"uagb-tabs__body-wrap\">\n<div class=\"wp-block-uagb-tabs-child uagb-tabs__body-container uagb-inner-tab-0\" aria-labelledby=\"uagb-tabs__tab0\">\n<h4 class=\"wp-block-heading\">Modalidad: Virtual <\/h4>\n\n\n\n<h4 class=\"wp-block-heading\">Nivel: Pregrado<\/h4>\n\n\n\n<h4 class=\"wp-block-heading\">Duraci\u00f3n: 3 a\u00f1os<\/h4>\n\n\n\n<div class=\"wp-block-uagb-separator uagb-block-3199f7c3\"><div class=\"wp-block-uagb-separator__inner\" style=\"--my-background-image:\"><\/div><\/div>\n\n\n\n<h4 class=\"wp-block-heading\">\u00bfQu\u00e9 significa Log\u00edstica?<\/h4>\n\n\n\n<p>Log\u00edstica es el proceso de planificar, implementar y controlar eficientemente el flujo de materias primas, productos en curso, productos terminados y la informaci\u00f3n relacionada con ellos, desde el punto de origen hasta el punto de consumo con el prop\u00f3sito de satisfacer los requerimientos del cliente de tal forma que la rentabilidad futura se vea maximizada y se optimicen los diferentes recursos con los <a><\/a>que cuenta la Empresa.<\/p>\n<\/div>\n\n\n\n<div class=\"wp-block-uagb-tabs-child uagb-tabs__body-container uagb-inner-tab-1\" aria-labelledby=\"uagb-tabs__tab1\">\n<p>El T\u00e9cnico Universitario en Log\u00edstica Integral es un profesional t\u00e9cnico superior con formaci\u00f3n te\u00f3rico-pr\u00e1ctica general, lo suficientemente amplia para la adquisici\u00f3n de actitudes y capacidades acordes a la exigente demanda actual.<br>El t\u00edtulo habilita para desempe\u00f1arse en los sectores industriales, de distribuci\u00f3n y de servicios, as\u00ed como en instituciones municipales, provinciales, nacionales y privadas, bajo la supervisi\u00f3n de un Director T\u00e9cnico. Es un profesional que, con una fuerte formaci\u00f3n b\u00e1sica, est\u00e1 capacitado t\u00e9cnicamente y dotado de aptitudes para desempe\u00f1arse como mandos medios en organizaciones empresariales.<br>Sus competencias t\u00e9cnico-profesionales para la resoluci\u00f3n de problemas de log\u00edstica, le posibilitar\u00e1n desarrollar actividades de:<\/p>\n\n\n\n<ul class=\"wp-block-list\">\n<li>Aplicaci\u00f3n de conceptos, nuevas tecnolog\u00edas y procedimientos matem\u00e1ticos e inform\u00e1ticos a la resoluci\u00f3n de problemas log\u00edsticos; por ejemplo, localizaci\u00f3n de instalaciones, layout, almacenes, gesti\u00f3n del transporte, ruteo de veh\u00edculos, gesti\u00f3n de stocks, compras y gesti\u00f3n de proveedores.<\/li>\n\n\n\n<li>Cooperaci\u00f3n t\u00e9cnica en la formulaci\u00f3n y evaluaci\u00f3n de proyectos log\u00edsticos en el \u00e1mbito empresarial y de las instituciones gubernamentales.<\/li>\n\n\n\n<li>Operaci\u00f3n de procesos y recursos f\u00edsicos y humanos vinculados con la gesti\u00f3n de la cadena log\u00edstica, en el marco de las normativas relacionadas con la seguridad e higiene laboral, calidad y respeto al medio ambiente.<\/li>\n\n\n\n<li>Adem\u00e1s desarrollar\u00e1 actitud cr\u00edtica en la adquisici\u00f3n y aprovechamiento de los conocimientos vinculados con la tem\u00e1tica y valorar\u00e1 la importancia de la integraci\u00f3n social del profesional en el sistema productivo.<\/li>\n<\/ul>\n<\/div>\n\n\n\n<div class=\"wp-block-uagb-tabs-child uagb-tabs__body-container uagb-inner-tab-2\" aria-labelledby=\"uagb-tabs__tab2\">\n<p>El&nbsp;t\u00edtulo intermedio de T\u00e9cnico Universitario en Log\u00edstica Integral es un profesional formado y capacitado para:<\/p>\n\n\n\n<ul class=\"wp-block-list\">\n<li>Asistir al nivel gerencial en la toma de decisiones relacionadas con la log\u00edstica integral.<\/li>\n\n\n\n<li>Supervisar y operar sistemas del \u00e1rea de log\u00edstica, tales como, sistemas de abastecimiento, de almacenes y\/o centros de distribuci\u00f3n, de transporte, de informaci\u00f3n y catalogaci\u00f3n y de la operatoria del comercio nacional e internacional.<\/li>\n\n\n\n<li>Participar en planes especiales de comunicaci\u00f3n institucional, calidad de vida laboral y cambio organizacional.<\/li>\n<\/ul>\n<\/div>\n\n\n\n<div class=\"wp-block-uagb-tabs-child uagb-tabs__body-container uagb-inner-tab-3\" aria-labelledby=\"uagb-tabs__tab3\">\n<div class=\"wp-block-file\"><a id=\"wp-block-file--media-2fe8da33-cf55-4e46-b983-4832485f8d1a\" href=\"https:\/\/www.quequen.unicen.edu.ar\/wp-content\/uploads\/2023\/12\/plan-de-estudios-logistica.pdf\"><strong>Plan de Estudios Log\u00edstica<\/strong><\/a><a href=\"https:\/\/www.quequen.unicen.edu.ar\/wp-content\/uploads\/2023\/12\/plan-de-estudios-logistica.pdf\" class=\"wp-block-file__button wp-element-button\" download aria-describedby=\"wp-block-file--media-2fe8da33-cf55-4e46-b983-4832485f8d1a\">Descarga<\/a><\/div>\n<\/div>\n<\/div><\/div>\n","protected":false},"excerpt":{"rendered":"","protected":false},"author":1,"featured_media":0,"parent":0,"menu_order":0,"comment_status":"closed","ping_status":"closed","template":"","meta":{"_uag_custom_page_level_css":"","site-sidebar-layout":"default","site-content-layout":"default","ast-global-header-display":"","ast-banner-title-visibility":"","ast-main-header-display":"","ast-hfb-above-header-display":"","ast-hfb-below-header-display":"","ast-hfb-mobile-header-display":"","site-post-title":"","ast-breadcrumbs-content":"","ast-featured-img":"","footer-sml-layout":"","theme-transparent-header-meta":"","adv-header-id-meta":"","stick-header-meta":"","header-above-stick-meta":"","header-main-stick-meta":"","header-below-stick-meta":"","footnotes":""},"class_list":["post-3208","page","type-page","status-publish","hentry"],"uagb_featured_image_src":{"full":false,"thumbnail":false,"medium":false,"medium_large":false,"large":false,"news_plugin_small":false,"1536x1536":false,"2048x2048":false},"uagb_author_info":{"display_name":"admin","author_link":"https:\/\/www.quequen.unicen.edu.ar\/?author=1"},"uagb_comment_info":0,"uagb_excerpt":null,"_links":{"self":[{"href":"https:\/\/www.quequen.unicen.edu.ar\/index.php?rest_route=\/wp\/v2\/pages\/3208","targetHints":{"allow":["GET"]}}],"collection":[{"href":"https:\/\/www.quequen.unicen.edu.ar\/index.php?rest_route=\/wp\/v2\/pages"}],"about":[{"href":"https:\/\/www.quequen.unicen.edu.ar\/index.php?rest_route=\/wp\/v2\/types\/page"}],"author":[{"embeddable":true,"href":"https:\/\/www.quequen.unicen.edu.ar\/index.php?rest_route=\/wp\/v2\/users\/1"}],"replies":[{"embeddable":true,"href":"https:\/\/www.quequen.unicen.edu.ar\/index.php?rest_route=%2Fwp%2Fv2%2Fcomments&post=3208"}],"version-history":[{"count":11,"href":"https:\/\/www.quequen.unicen.edu.ar\/index.php?rest_route=\/wp\/v2\/pages\/3208\/revisions"}],"predecessor-version":[{"id":4298,"href":"https:\/\/www.quequen.unicen.edu.ar\/index.php?rest_route=\/wp\/v2\/pages\/3208\/revisions\/4298"}],"wp:attachment":[{"href":"https:\/\/www.quequen.unicen.edu.ar\/index.php?rest_route=%2Fwp%2Fv2%2Fmedia&parent=3208"}],"curies":[{"name":"wp","href":"https:\/\/api.w.org\/{rel}","templated":true}]}}